{"id":28,"date":"2016-03-22T15:13:08","date_gmt":"2016-03-22T15:13:08","guid":{"rendered":"https:\/\/www.critical-stages.org\/8\/?page_id=28"},"modified":"2016-03-22T15:13:08","modified_gmt":"2016-03-22T15:13:08","slug":"editorial-8-2","status":"publish","type":"page","link":"https:\/\/www.critical-stages.org\/8\/editorial-8-2\/","title":{"rendered":"\u00c9ditorial 8"},"content":{"rendered":"<p><strong>Yun-Cheol Kim<\/strong> (Pr\u00e9sident, AICT)<\/p>\n<div id=\"scid:8747F07C-CDE8-481f-B0DF-C6CFD074BF67:e7e2d1ee-23ad-4249-b675-f836526ff857\" class=\"wlWriterEditableSmartContent\">\n<p><img loading=\"lazy\" decoding=\"async\" data-attachment-id=\"24\" data-permalink=\"https:\/\/www.critical-stages.org\/8\/editorial-8\/yun-cheol\/\" data-orig-file=\"https:\/\/www.critical-stages.org\/8\/wp-content\/uploads\/sites\/10\/2016\/03\/Yun-Cheol.jpg\" data-orig-size=\"591,800\" data-comments-opened=\"1\" data-image-meta=\"{&quot;aperture&quot;:&quot;0&quot;,&quot;credit&quot;:&quot;&quot;,&quot;camera&quot;:&quot;&quot;,&quot;caption&quot;:&quot;&quot;,&quot;created_timestamp&quot;:&quot;0&quot;,&quot;copyright&quot;:&quot;&quot;,&quot;focal_length&quot;:&quot;0&quot;,&quot;iso&quot;:&quot;0&quot;,&quot;shutter_speed&quot;:&quot;0&quot;,&quot;title&quot;:&quot;&quot;,&quot;orientation&quot;:&quot;0&quot;}\" data-image-title=\"Yun-Cheol\" data-image-description=\"\" data-image-caption=\"\" data-large-file=\"https:\/\/www.critical-stages.org\/8\/wp-content\/uploads\/sites\/10\/2016\/03\/Yun-Cheol.jpg\" class=\"alignnone size-medium wp-image-24\" src=\"https:\/\/www.critical-stages.org\/8\/wp-content\/uploads\/sites\/10\/2016\/03\/Yun-Cheol-222x300.jpg\" alt=\"Yun-Cheol\" width=\"222\" height=\"300\" srcset=\"https:\/\/www.critical-stages.org\/8\/wp-content\/uploads\/sites\/10\/2016\/03\/Yun-Cheol-222x300.jpg 222w, https:\/\/www.critical-stages.org\/8\/wp-content\/uploads\/sites\/10\/2016\/03\/Yun-Cheol.jpg 591w\" sizes=\"auto, (max-width: 222px) 100vw, 222px\" \/><\/p>\n<p>Depuis le d\u00e9but de la crise financi\u00e8re europ\u00e9enne, marqu\u00e9e par la situation en Gr\u00e8ce, le th\u00e9\u00e2tre partout dans le monde a subi des coupures de budget, moins s\u00e9v\u00e8res dans certains cas heureux, mais radicales la plupart du temps. Pr\u00e9voyant que ces coupures influenceraient beaucoup le travail th\u00e9\u00e2tral et sa consommation, j\u2019estimais urgent pour les gens de th\u00e9\u00e2tre \u2013 artistes comme critiques \u2013 d\u2019\u00e9tudier la situation plus syst\u00e9matiquement afin de mettre au point des moyens efficaces pour lutter contre les effets de cette crise financi\u00e8re et tenter d\u2019y survivre, \u00e0 la fois sur les plans \u00e9conomique et esth\u00e9tique. Voil\u00e0 pourquoi nous avons choisi \u00ab Le th\u00e9\u00e2tre en r\u00e9cession \u00bb comme th\u00e8me de la section Sujets sp\u00e9ciaux de ce 8<sup>e<\/sup> num\u00e9ro de <em>Critical Stages \/ Sc\u00e8nes critiques.<\/em> \u00c0 ma surprise, et \u00e0 la surprise du responsable de la section Sujets sp\u00e9ciaux, Savas Patsaladis, la plupart des articles soumis racontent le courage et les victoires des gens de th\u00e9\u00e2tre dans leur mani\u00e8re de combattre cette situation difficile, que ce soit en Afrique du Sud, en Argentine, en Gr\u00e8ce, en Espagne, en Hongrie, en Islande, en \u00c9cosse ou en Angleterre. Me voil\u00e0 donc une fois de plus assur\u00e9 de la r\u00e9silience des gens de th\u00e9\u00e2tre, qui paraissent devenir encore plus forts face \u00e0 une crise. C\u2019est r\u00e9jouissant.<\/p>\n<p>Lors de la rencontre annuelle de notre comit\u00e9 \u00e9ditorial \u00e0 J\u00f6nk\u00f6ping, en Su\u00e8de, \u00e0 la fin de mai, les coresponsables ont d\u00e9cid\u00e9 de se concentrer sur la critique elle-m\u00eame pour la section Sujet sp\u00e9cial des prochains num\u00e9ros, soit le neuvi\u00e8me et le dixi\u00e8me. Le 9<sup>e<\/sup> num\u00e9ro, qui doit \u00eatre mis en ligne en d\u00e9cembre 2013, traitera de la critique alternative, notamment par les blogues et les tweets. Pour le 10<sup>e<\/sup> num\u00e9ro, nous combinerons les sections Entrevues et Sujets sp\u00e9ciaux, pour nous int\u00e9resser au genre de critique dont nous pourrions avoir besoin pour le th\u00e9\u00e2tre du 21<sup>e<\/sup> si\u00e8cle. Nous inviterons des artistes du th\u00e9\u00e2tre, des lecteurs et des critiques, qu\u2019ils soient \u00e9tablis ou \u00e9mergents, importants ou prometteurs, \u00e0 se faire interviewer par nos responsables, ou encore, \u00e0 nous communiquer leurs commentaires sur la question. Nous esp\u00e9rons par ce dossier trouver des moyens de contrer l\u2019attitude anti-intellectuelle et antipathique \u00e0 la critique de notre \u00e9poque.<\/p>\n<p>Dans la section \u00ab Analyses de spectacles \u00bb, nous avons 13 critiques de pi\u00e8ces, la plupart pr\u00e9sent\u00e9es en Europe et en Am\u00e9rique du Nord. Nous publions aussi une critique d\u2019Afrique du Sud et une autre du Sri Lanka, offrant de rares points de vue, m\u00eame dans des publications internationales. Avec la longue analyse par Patrice Pavis d\u2019un spectacle sud-cor\u00e9en, dans la section Essais, nous ouvrons une belle fen\u00eatre sur le th\u00e9\u00e2tre mondial d\u2019aujourd\u2019hui, comme nous n\u2019avons cess\u00e9 de le faire depuis que nous avons lanc\u00e9 cette revue Web en 2009. Nous avons aussi interview\u00e9 des gens de th\u00e9\u00e2tre importants et int\u00e9ressants : un auteur-philosophe, des metteurs en sc\u00e8ne, un acteur et des sc\u00e9nographes. Deux ouvrages des auteurs Patrice Pavis et Benedict Nightingale font l\u2019objet de comptes rendus, ainsi que <em>Journal de nuit (1978-1984)<\/em> de Jan Fabre. Derniers mais non les moindres, nous publions des expos\u00e9s donn\u00e9s au colloque de Tbilissi sur \u00ab Les visages du th\u00e9\u00e2tre du 21<sup>e<\/sup> si\u00e8cle \u00bb, en insistant sur celui du Caucase et de l\u2019Europe de l\u2019Est. J\u2019esp\u00e8re donc qu\u2019\u00e0 la lecture, vous appr\u00e9cierez la richesse de ce num\u00e9ro de <em>Critical Stages \/ Sc\u00e8nes critiques.<\/em><\/p>\n<\/div>\n","protected":false},"excerpt":{"rendered":"<p>Yun-Cheol Kim (Pr\u00e9sident, AICT) Depuis le d\u00e9but de la crise financi\u00e8re europ\u00e9enne, marqu\u00e9e par la situation en Gr\u00e8ce, le th\u00e9\u00e2tre partout dans le monde a subi des coupures de budget, moins s\u00e9v\u00e8res dans certains cas heureux, mais radicales la plupart<\/p>\n","protected":false},"author":1,"featured_media":24,"parent":0,"menu_order":0,"comment_status":"closed","ping_status":"closed","template":"","meta":{"jetpack_post_was_ever_published":false,"footnotes":""},"class_list":["post-28","page","type-page","status-publish","has-post-thumbnail","hentry","","tg-column-two"],"jetpack_sharing_enabled":true,"jetpack_shortlink":"https:\/\/wp.me\/P7ojFg-s","_links":{"self":[{"href":"https:\/\/www.critical-stages.org\/8\/wp-json\/wp\/v2\/pages\/28","targetHints":{"allow":["GET"]}}],"collection":[{"href":"https:\/\/www.critical-stages.org\/8\/wp-json\/wp\/v2\/pages"}],"about":[{"href":"https:\/\/www.critical-stages.org\/8\/wp-json\/wp\/v2\/types\/page"}],"author":[{"embeddable":true,"href":"https:\/\/www.critical-stages.org\/8\/wp-json\/wp\/v2\/users\/1"}],"replies":[{"embeddable":true,"href":"https:\/\/www.critical-stages.org\/8\/wp-json\/wp\/v2\/comments?post=28"}],"version-history":[{"count":0,"href":"https:\/\/www.critical-stages.org\/8\/wp-json\/wp\/v2\/pages\/28\/revisions"}],"wp:featuredmedia":[{"embeddable":true,"href":"https:\/\/www.critical-stages.org\/8\/wp-json\/wp\/v2\/media\/24"}],"wp:attachment":[{"href":"https:\/\/www.critical-stages.org\/8\/wp-json\/wp\/v2\/media?parent=28"}],"curies":[{"name":"wp","href":"https:\/\/api.w.org\/{rel}","templated":true}]}}