{"id":392,"date":"2016-02-14T15:20:25","date_gmt":"2016-02-14T15:20:25","guid":{"rendered":"https:\/\/www.critical-stages.org\/2\/?page_id=392"},"modified":"2016-02-14T15:20:36","modified_gmt":"2016-02-14T15:20:36","slug":"editorial","status":"publish","type":"page","link":"https:\/\/www.critical-stages.org\/2\/editorial\/","title":{"rendered":"\u00c9ditorial"},"content":{"rendered":"<p><strong>Maria Helena Ser\u00f4dio<\/strong><\/p>\n<p><img loading=\"lazy\" decoding=\"async\" class=\"alignnone size-full wp-image-393\" src=\"https:\/\/www.critical-stages.org\/2\/wp-content\/uploads\/sites\/4\/2016\/02\/2_Serodio.jpg\" alt=\"2_Serodio\" width=\"178\" height=\"236\" \/><\/p>\n<p style=\"text-align: right;\"><i><b>Avril est le mois le plus cruel, car les lilas<br \/>\nPoussent sur la terre morte,<br \/>\nM\u00e9langeant m\u00e9moire et d\u00e9sir<\/b><\/i><\/p>\n<p style=\"text-align: right;\"><b>T.S. Eliot, <em>La Terre vaine<\/em> (\u00ab L\u2019enterrement des morts \u00bb)<\/b><\/p>\n<p>Il existe d\u2019autres moyens d\u2019aborder le th\u00e9\u00e2tre, notamment en r\u00e9fl\u00e9chissant sur l\u2019exercice de la critique comme le font Yun-Cheol Kim, Don Rubin, Temple Hauptfleisch et Mark Brown dans la section consacr\u00e9e aux \u00ab critiques sur la critique \u00bb, nous rappelant ainsi les expos\u00e9s que les deux premiers ont livr\u00e9s \u00e0 un colloque qui s\u2019est d\u00e9roul\u00e9 en janvier \u00e0 Vallabh Vidyanagar (Inde), o\u00f9 ce sujet a \u00e9t\u00e9 discut\u00e9.<\/p>\n<p>On peut identifier trois autres perspectives critiques dans nos approches du th\u00e9\u00e2tre. La premi\u00e8re consiste \u00e0 rendre compte de spectacles courants et d\u2019ouvrages r\u00e9cemment parus. \u00c0 cet \u00e9gard, nous sommes fiers de publier des comptes rendus de spectacles venant entre autres du Canada, de Finlande, d\u2019Iran, d\u2019Afrique du Sud, de France, de Lettonie, de Roumanie, d\u2019Isra\u00ebl et d\u2019Allemagne. Et au nombre des chroniqueurs, nous sommes heureux de compter l\u2019ancien pr\u00e9sident de l\u2019AICT, Georges Banu, qui publie deux articles importants, ainsi qu\u2019une \u00ab le\u00e7on \u00bb sur l\u2019analyse de la repr\u00e9sentation que Patrice Pavis utilise pour traiter d\u2019un spectacle de danse.<\/p>\n<p>La deuxi\u00e8me perspective se fonde sur la recherche th\u00e9\u00e2trale en mati\u00e8re d\u2019identit\u00e9 artistique (qu\u2019il s\u2019agisse du th\u00e9\u00e2tre cr\u00e9ole, de la condition des immigrants dans le th\u00e9\u00e2tre portugais ou de l\u2019\u0153uvre de Purc\u0103rete) ou appliqu\u00e9e \u00e0 des souvenirs douloureux dans des repr\u00e9sentations.<\/p>\n<p>En troisi\u00e8me lieu, nous nous attachons \u00e0 des legs : celui du th\u00e9\u00e2tre de Jean Genet (ranim\u00e9 dans un festival en Cor\u00e9e pour comm\u00e9morer le centenaire de sa naissance, en mars et avril de cette ann\u00e9e) et celui du metteur en sc\u00e8ne br\u00e9silien Augusto Boal. Dans ce dernier cas, nous sommes fiers de publier une s\u00e9rie d\u2019articles de chercheurs et d\u2019artistes br\u00e9siliens ayant \u00e9tudi\u00e9 et travaill\u00e9 avec Boal, illustr\u00e9s de photos t\u00e9moignant de la richesse des nouvelles \u00ab Archives Augusto Boal \u00bb \u00e0 l\u2019Universit\u00e9 f\u00e9d\u00e9rale de Rio de Janeiro (UNIRIO).<\/p>\n<p>Au moment d\u2019accorder le prix Thalie \u00e0 Richard Schechner, lors de notre prochain congr\u00e8s \u00e0 Erevan (Arm\u00e9nie), en juin 2010, nous revenons au critique et essayiste Jean-Pierre Sarrazac, qui a re\u00e7u ce prix \u00e0 Sofia il y a deux ans, \u00ab pour avoir influenc\u00e9 la r\u00e9flexion critique sur l\u2019art du th\u00e9\u00e2tre \u00bb. Le discours qu\u2019il a livr\u00e9 \u00e0 Sofia, ainsi que le \u00ab questionnaire \u00bb que Randy Gener utilise pour mieux faire conna\u00eetre sa pens\u00e9e \u00e0 nos lecteurs, constituent une autre section de ce num\u00e9ro de <em>Sc\u00e8nes critiques\/Critical Stages<\/em>. Dans les photos qui les illustrent, on peut voir l\u2019embl\u00e8me de ce prix, con\u00e7u sp\u00e9cialement par le grand sc\u00e9nographe et sculpteur roumain Dragos Buhagiar : une canne \u00e0 pommeau d\u2019argent repr\u00e9sentant Thalie, la muse grecque de la com\u00e9die.<\/p>\n<p>Je tiens \u00e0 adresser mes remerciements les plus sinc\u00e8res \u00e0 tous ceux qui ont collabor\u00e9 g\u00e9n\u00e9reusement \u00e0 ce num\u00e9ro, partageant ainsi avec nous leurs connaissances et leur enthousiasme. Cela s\u2019adresse aussi \u00e0 tous les membres de notre comit\u00e9 \u00e9ditorial qui n\u2019ont pas m\u00e9nag\u00e9 leurs efforts pour que le num\u00e9ro soit pr\u00eat \u00e0 temps. C\u2019est cependant pour moi une joie immense de voir r\u00e9unies toutes ces \u00e9nergies et de constater qu\u2019il est encore possible \u2013 peu importe nos diff\u00e9rences de pens\u00e9e, de sensibilit\u00e9, de style d\u2019\u00e9criture \u2013 d\u2019atteindre une voix collective en tant que critiques de th\u00e9\u00e2tre.<\/p>\n<p>Je dois un dernier mot de reconnaissance \u00e0 Yu Jin Kim pour son assistance \u00e9ditoriale, \u00e0 Myoung-Jae \u00ab Andrew \u00bb Yim pour la conception Web et au pr\u00e9sident de l\u2019AICT Yun-Cheol Kim, qui a fait na\u00eetre cette revue et s\u2019est fi\u00e9 \u00e0 moi pour la concr\u00e9tiser.<\/p>\n<p>Je pourrais peut-\u00eatre revenir sur l\u2019\u00e9pigraphe de Eliot qui para\u00eet au d\u00e9but, en soulignant la singuli\u00e8re m\u00e9taphore des \u00ab lilas \u00bb pour les \u00ab parties \u00bb qui constituent ce num\u00e9ro (quoique pas sur de \u00ab la terre morte \u00bb, mais au contraire, sur un th\u00e9\u00e2tre vivant\u2026), mais aussi pour ce \u00ab m\u00e9lange de m\u00e9moire et de d\u00e9sir \u00bb qui m\u2019appara\u00eet comme une des sources principales de notre travail de critiques de th\u00e9\u00e2tre.<\/p>\n","protected":false},"excerpt":{"rendered":"<p>Maria Helena Ser\u00f4dio Avril est le mois le plus cruel, car les lilas Poussent sur la terre morte, M\u00e9langeant m\u00e9moire et d\u00e9sir T.S. Eliot, La Terre vaine (\u00ab L\u2019enterrement des morts \u00bb) Il existe d\u2019autres moyens d\u2019aborder le th\u00e9\u00e2tre, notamment<\/p>\n","protected":false},"author":1,"featured_media":0,"parent":0,"menu_order":0,"comment_status":"closed","ping_status":"closed","template":"","meta":{"jetpack_post_was_ever_published":false,"footnotes":""},"class_list":["post-392","page","type-page","status-publish","hentry","","tg-column-two"],"jetpack_sharing_enabled":true,"jetpack_shortlink":"https:\/\/wp.me\/P7eLHg-6k","_links":{"self":[{"href":"https:\/\/www.critical-stages.org\/2\/wp-json\/wp\/v2\/pages\/392","targetHints":{"allow":["GET"]}}],"collection":[{"href":"https:\/\/www.critical-stages.org\/2\/wp-json\/wp\/v2\/pages"}],"about":[{"href":"https:\/\/www.critical-stages.org\/2\/wp-json\/wp\/v2\/types\/page"}],"author":[{"embeddable":true,"href":"https:\/\/www.critical-stages.org\/2\/wp-json\/wp\/v2\/users\/1"}],"replies":[{"embeddable":true,"href":"https:\/\/www.critical-stages.org\/2\/wp-json\/wp\/v2\/comments?post=392"}],"version-history":[{"count":0,"href":"https:\/\/www.critical-stages.org\/2\/wp-json\/wp\/v2\/pages\/392\/revisions"}],"wp:attachment":[{"href":"https:\/\/www.critical-stages.org\/2\/wp-json\/wp\/v2\/media?parent=392"}],"curies":[{"name":"wp","href":"https:\/\/api.w.org\/{rel}","templated":true}]}}