{"id":1063,"date":"2018-07-05T13:39:30","date_gmt":"2018-07-05T13:39:30","guid":{"rendered":"https:\/\/www.critical-stages.org\/17\/?page_id=1063"},"modified":"2018-07-05T13:39:30","modified_gmt":"2018-07-05T13:39:30","slug":"editorial","status":"publish","type":"page","link":"https:\/\/www.critical-stages.org\/17\/editorial\/","title":{"rendered":"\u00c9ditorial"},"content":{"rendered":"<p><strong>Savas Patsalidis<\/strong><a href=\"#end\" name=\"back\">*<\/a><\/p>\n<p>Je suis tr\u00e8s heureux d\u2019annoncer la parution de la premi\u00e8re partie du 17<sup>e<\/sup> num\u00e9ro de <em>Critical Stages\/Sc\u00e8nes critiques,<\/em> qui contient 35 nouvelles contributions, aussi stimulantes qu\u2019invitantes. Dans la seconde partie du num\u00e9ro (\u00e0 para\u00eetre le 1<sup>er<\/sup> septembre prochain), 12 autres articles sont pr\u00e9vus, dans les sections \u00ab\u00a0Essais\u00a0\u00bb, \u00ab\u00a0Rapports nationaux\u00a0\u00bb et \u00ab\u00a0Critique de la critique\u00a0\u00bb. Cela donnera un total de 47 articles dans le num\u00e9ro. Il s\u2019agit toujours de textes originaux s\u2019inscrivant dans notre politique \u00e9ditoriale depuis le d\u00e9but\u00a0: offrir aux critiques et aux artistes un lieu d\u2019expression leur permettant d\u2019exposer, de fa\u00e7on dynamique, th\u00e8mes et tendances repr\u00e9sentant toute une gamme de sujets pratiques, esth\u00e9tiques et th\u00e9oriques aux lecteurs int\u00e9ress\u00e9s par les derniers d\u00e9veloppements par-del\u00e0 les fronti\u00e8res nationales ou disciplinaires.<\/p>\n<p>\u00c0 cet \u00e9gard, je signale le dossier du pr\u00e9sent num\u00e9ro, sur \u00ab\u00a0M\u00e9decine et\/au th\u00e9\u00e2tre\u00a0\u00bb, dirig\u00e9 par deux expertes en la mati\u00e8re, les docteures Vinia Dakari et Catherine Rogers. Le soin qu\u2019elles ont pris au choix des articles, ajout\u00e9 \u00e0 leurs profondes connaissances, leur enthousiasme et leur engagement, nous permettent d\u2019offrir \u00e0 nos lecteurs un ensemble exceptionnel de contributions substantielles \u00e0 la recherche internationale. Je ne puis les remercier assez.<\/p>\n<p>Selon elles, ce dossier \u00ab\u00a0est apparu \u00e0 la suite d\u2019un int\u00e9r\u00eat marqu\u00e9 pour les relations entre th\u00e9\u00e2tre et m\u00e9decine, qui va croissant depuis quelques ann\u00e9es, acqu\u00e9rant aujourd\u2019hui un caract\u00e8re multidimensionnel. D\u00e9coulant de recherches de plus en plus nombreuses sur les progr\u00e8s de la m\u00e9decine, sur le recours au th\u00e9\u00e2tre pour les soins de sant\u00e9 ou l\u2019enseignement en m\u00e9decine, comme sur plusieurs autres domaines de la recherche et de la pratique, les articles r\u00e9unis ici sugg\u00e8rent de nouveaux mod\u00e8les d\u2019interdisciplinarit\u00e9 autour du concept de &#8220;tournant&#8221; (ou de &#8220;deuxi\u00e8me vague&#8221;) dans les humanit\u00e9s m\u00e9dicales.\u00a0\u00bb<\/p>\n<p>Par ailleurs, on trouvera ici six entretiens avec des directeurs artistiques (d\u2019Italie, d\u2019Espagne, du Portugal, de Cor\u00e9e du Sud, d\u2019Allemagne et d\u2019Inde), tous li\u00e9s au circuit des festivals internationaux. Il s\u2019agit d\u2019entrevues portant sur les d\u00e9fis auxquels ils se mesurent, sur leurs difficult\u00e9s, leurs politiques et leurs promesses \u00e0 une \u00e9poque o\u00f9 s\u2019\u00e9panouit l\u2019industrie des festivals.<\/p>\n<p>Une fois de plus, Matti Linnavuori et Don Rubin ont g\u00e9n\u00e9reusement donn\u00e9 de leur temps pour choisir et r\u00e9viser les sections consacr\u00e9es aux comptes rendus de spectacles et d\u2019ouvrages parus. Je leur dois des remerciements particuliers. Je remercie aussi Michel Va\u00efs, Mark Brown et Lissa Tyler Renaud pour la r\u00e9vision m\u00e9ticuleuse de l\u2019ensemble des articles, mais je veux \u00e9galement exprimer ma gratitude \u00e0 tous les auteurs de ce num\u00e9ro dont la contribution ouvre \u00e0 <em>Critical Stages\/Sc\u00e8nes critiques <\/em>de nouvelles perspectives vers de nouveaux univers pour le th\u00e9\u00e2tre.<\/p>\n<p><strong>UN MERCI TOUT SP\u00c9CIAL\u00a0: <\/strong>Pour l\u2019ach\u00e8vement de ce num\u00e9ro, tous les membres du comit\u00e9 \u00e9ditorial de <em>Critical Stages\/Sc\u00e8nes critiques<\/em> et ceux du comit\u00e9 ex\u00e9cutif de l\u2019AICT remercient particuli\u00e8rement Mme Jin Xing et son \u00e9cole de danse pour son soutien financier inestimable. Nous leur sommes extr\u00eamement reconnaissants.<\/p>\n<p>Nous devons aussi remercier Jeffrey Eric Jenkins, directeur de la revue <em>Critical Stages\/Sc\u00e8nes critiques <\/em>et membre du Comex, et le D\u00e9partement de th\u00e9\u00e2tre de l\u2019Universit\u00e9 de l\u2019Illinois \u00e0 Urbana, qui ont g\u00e9n\u00e9reusement soutenu la publication des num\u00e9ros 8 \u00e0 16 (juin 2013-jan. 2018), ainsi que l\u2019Universit\u00e9 Aristote de Thessalonique qui accueille notre revue et qui fournit le support technique sans aucuns frais. Ce sont tous ces gens et ces institutions qui rendent possible notre entreprise.<a name=\"end\">&nbsp;<\/a><\/p>\n<hr \/>\n<p><img data-recalc-dims=\"1\" loading=\"lazy\" decoding=\"async\" data-attachment-id=\"278\" data-permalink=\"https:\/\/www.critical-stages.org\/17\/innovation-and-prudent-risks-are-at-the-very-heart-of-the-festivals-an-interview-with-haris-pasovic\/patsalidis\/\" data-orig-file=\"https:\/\/i0.wp.com\/www.critical-stages.org\/17\/wp-content\/uploads\/sites\/18\/2018\/05\/patsalidis.jpg?fit=140%2C186&amp;ssl=1\" data-orig-size=\"140,186\" data-comments-opened=\"1\" data-image-meta=\"{&quot;aperture&quot;:&quot;0&quot;,&quot;credit&quot;:&quot;&quot;,&quot;camera&quot;:&quot;&quot;,&quot;caption&quot;:&quot;&quot;,&quot;created_timestamp&quot;:&quot;0&quot;,&quot;copyright&quot;:&quot;&quot;,&quot;focal_length&quot;:&quot;0&quot;,&quot;iso&quot;:&quot;0&quot;,&quot;shutter_speed&quot;:&quot;0&quot;,&quot;title&quot;:&quot;&quot;,&quot;orientation&quot;:&quot;0&quot;}\" data-image-title=\"patsalidis\" data-image-description=\"\" data-image-caption=\"\" data-large-file=\"https:\/\/i0.wp.com\/www.critical-stages.org\/17\/wp-content\/uploads\/sites\/18\/2018\/05\/patsalidis.jpg?fit=140%2C186&amp;ssl=1\" class=\"alignnone size-thumbnail wp-image-278\" src=\"https:\/\/i0.wp.com\/www.critical-stages.org\/17\/wp-content\/uploads\/sites\/18\/2018\/05\/patsalidis.jpg?resize=140%2C150&#038;ssl=1\" alt=\"\" width=\"140\" height=\"150\" \/><\/p>\n<p><a name=\"end\" href=\"#back\">*<\/a><strong>Savas Patsalidis<\/strong>\u00a0est professeur de th\u00e9\u00e2tre ainsi que d\u2019histoire et de th\u00e9orie du spectacle \u00e0 l\u2019\u00c9cole d\u2019anglais (Universit\u00e9 Aristote), \u00e0 l\u2019Universit\u00e9 libre hell\u00e9nique et \u00e0 l\u2019Acad\u00e9mie th\u00e9\u00e2trale du Th\u00e9\u00e2tre National du nord de la Gr\u00e8ce. Il est aussi r\u00e9guli\u00e8rement charg\u00e9 d\u2019enseignement au Programme des \u00e9tudes sup\u00e9rieures du D\u00e9partement de th\u00e9\u00e2tre (Universit\u00e9 Aristote). Il est l\u2019auteur de treize livres sur le th\u00e9\u00e2tre et sur la critique et la th\u00e9orie du spectacle, et coauteur de treize autres. Son ouvrage en deux volumes\u00a0<em>Theatre, Society, Nation\u00a0<\/em>(2010) a re\u00e7u le prix du meilleur ouvrage th\u00e9\u00e2tral de l\u2019ann\u00e9e. Outre ses activit\u00e9s acad\u00e9miques, il \u0153uvre comme critique de th\u00e9\u00e2tre pour les revues Web\u00a0<em>lavart,<\/em>\u00a0<em>parallaxi<\/em>, et le projet\u00a0<em>greekplay<\/em>. Pr\u00e9sident en exercice de l\u2019Association hell\u00e9nique des critiques de th\u00e9\u00e2tre et des arts du spectacle, il est r\u00e9dacteur en chef de\u00a0<em>Critical Stages\/Sc\u00e8nes critiques<\/em>, la revue de l\u2019Association internationale des critiques de th\u00e9\u00e2tre.<\/p>\n","protected":false},"excerpt":{"rendered":"<p>Savas Patsalidis* Je suis tr\u00e8s heureux d\u2019annoncer la parution de la premi\u00e8re partie du 17e num\u00e9ro de Critical Stages\/Sc\u00e8nes critiques, qui contient 35 nouvelles contributions, aussi stimulantes qu\u2019invitantes. Dans la seconde partie du num\u00e9ro (\u00e0 para\u00eetre le 1er septembre prochain),<\/p>\n","protected":false},"author":1,"featured_media":0,"parent":0,"menu_order":0,"comment_status":"closed","ping_status":"closed","template":"","meta":{"jetpack_post_was_ever_published":false,"footnotes":""},"class_list":["post-1063","page","type-page","status-publish","hentry","","tg-column-two"],"jetpack_sharing_enabled":true,"jetpack_shortlink":"https:\/\/wp.me\/P9Xk3S-h9","jetpack-related-posts":[],"_links":{"self":[{"href":"https:\/\/www.critical-stages.org\/17\/wp-json\/wp\/v2\/pages\/1063","targetHints":{"allow":["GET"]}}],"collection":[{"href":"https:\/\/www.critical-stages.org\/17\/wp-json\/wp\/v2\/pages"}],"about":[{"href":"https:\/\/www.critical-stages.org\/17\/wp-json\/wp\/v2\/types\/page"}],"author":[{"embeddable":true,"href":"https:\/\/www.critical-stages.org\/17\/wp-json\/wp\/v2\/users\/1"}],"replies":[{"embeddable":true,"href":"https:\/\/www.critical-stages.org\/17\/wp-json\/wp\/v2\/comments?post=1063"}],"version-history":[{"count":1,"href":"https:\/\/www.critical-stages.org\/17\/wp-json\/wp\/v2\/pages\/1063\/revisions"}],"predecessor-version":[{"id":1064,"href":"https:\/\/www.critical-stages.org\/17\/wp-json\/wp\/v2\/pages\/1063\/revisions\/1064"}],"wp:attachment":[{"href":"https:\/\/www.critical-stages.org\/17\/wp-json\/wp\/v2\/media?parent=1063"}],"curies":[{"name":"wp","href":"https:\/\/api.w.org\/{rel}","templated":true}]}}