{"id":101,"date":"2016-10-30T13:31:17","date_gmt":"2016-10-30T13:31:17","guid":{"rendered":"https:\/\/www.critical-stages.org\/14\/?page_id=101"},"modified":"2016-12-14T19:05:09","modified_gmt":"2016-12-14T19:05:09","slug":"special-topic","status":"publish","type":"page","link":"https:\/\/www.critical-stages.org\/14\/special-topic\/","title":{"rendered":"Special Topic: Theatre and Statelessness in Europe"},"content":{"rendered":"<h4>Reflections on Theatre and Statelessness<\/h4>\n<p>Azadeh Sharifi<a href=\"#end1\">*<\/a> and S. E. Wilmer<a href=\"#end2\">**<\/a><\/p>\n<p><img loading=\"lazy\" decoding=\"async\" data-attachment-id=\"271\" data-permalink=\"https:\/\/www.critical-stages.org\/14\/reflections-on-theatre-and-statelessness\/processed-with-vscocam-with-p5-preset-2\/\" data-orig-file=\"https:\/\/www.critical-stages.org\/14\/wp-content\/uploads\/sites\/15\/2016\/11\/Sharifi.jpg\" data-orig-size=\"200,300\" data-comments-opened=\"1\" data-image-meta=\"{&quot;aperture&quot;:&quot;1.8&quot;,&quot;credit&quot;:&quot;&quot;,&quot;camera&quot;:&quot;Canon EOS 700D&quot;,&quot;caption&quot;:&quot;Processed with VSCOcam with p5 preset&quot;,&quot;created_timestamp&quot;:&quot;1444231022&quot;,&quot;copyright&quot;:&quot;Copyright 2015. All rights reserved.&quot;,&quot;focal_length&quot;:&quot;50&quot;,&quot;iso&quot;:&quot;100&quot;,&quot;shutter_speed&quot;:&quot;0.01&quot;,&quot;title&quot;:&quot;Processed with VSCOcam with p5 preset&quot;,&quot;orientation&quot;:&quot;1&quot;}\" data-image-title=\"Processed with VSCOcam with p5 preset\" data-image-description=\"\" data-image-caption=\"\" data-large-file=\"https:\/\/www.critical-stages.org\/14\/wp-content\/uploads\/sites\/15\/2016\/11\/Sharifi.jpg\" class=\"alignnone wp-image-271\" src=\"https:\/\/www.critical-stages.org\/14\/wp-content\/uploads\/sites\/15\/2016\/11\/Sharifi.jpg\" alt=\"Processed with VSCOcam with p5 preset\" width=\"167\" height=\"250\" \/>\u00a0<img loading=\"lazy\" decoding=\"async\" data-attachment-id=\"272\" data-permalink=\"https:\/\/www.critical-stages.org\/14\/reflections-on-theatre-and-statelessness\/wilmer\/\" data-orig-file=\"https:\/\/www.critical-stages.org\/14\/wp-content\/uploads\/sites\/15\/2016\/11\/wilmer.jpg\" data-orig-size=\"210,300\" data-comments-opened=\"1\" data-image-meta=\"{&quot;aperture&quot;:&quot;6.3&quot;,&quot;credit&quot;:&quot;&quot;,&quot;camera&quot;:&quot;NIKON D70&quot;,&quot;caption&quot;:&quot;&quot;,&quot;created_timestamp&quot;:&quot;1226180939&quot;,&quot;copyright&quot;:&quot;&quot;,&quot;focal_length&quot;:&quot;29&quot;,&quot;iso&quot;:&quot;0&quot;,&quot;shutter_speed&quot;:&quot;0.00625&quot;,&quot;title&quot;:&quot;&quot;,&quot;orientation&quot;:&quot;1&quot;}\" data-image-title=\"wilmer\" data-image-description=\"\" data-image-caption=\"\" data-large-file=\"https:\/\/www.critical-stages.org\/14\/wp-content\/uploads\/sites\/15\/2016\/11\/wilmer.jpg\" class=\"alignnone wp-image-272\" src=\"https:\/\/www.critical-stages.org\/14\/wp-content\/uploads\/sites\/15\/2016\/11\/wilmer.jpg\" alt=\"wilmer\" width=\"175\" height=\"250\" \/><\/p>\n<p>The motivation to edit a special section on theatre and statelessness evolves from the urgency of the outrageous circumstances so many refugees are facing, even though some of them are now &#8220;safe&#8221; in Europe. Not only is Europe drifting further into nationalistic politics, where not just refugees but all minorities and racialized groups are targeted by right-wing parties in many countries, but also the refugee laws and politics in Europe are becoming worse than ever, creating an impossible system for people who are fleeing the humanitarian crisis all around the world to apply for asylum legally.<\/p>\n<div align=\"center\">\n<table style=\"width: 700px;\">\n<tbody>\n<tr>\n<td style=\"border: 0px; vertical-align: middle; text-align: center; font-size: 11px;\"><img loading=\"lazy\" decoding=\"async\" data-attachment-id=\"262\" data-permalink=\"https:\/\/www.critical-stages.org\/14\/reflections-on-theatre-and-statelessness\/photo-1-6\/\" data-orig-file=\"https:\/\/www.critical-stages.org\/14\/wp-content\/uploads\/sites\/15\/2016\/11\/Photo-1-2.jpg\" data-orig-size=\"350,210\" data-comments-opened=\"1\" data-image-meta=\"{&quot;aperture&quot;:&quot;0&quot;,&quot;credit&quot;:&quot;&quot;,&quot;camera&quot;:&quot;&quot;,&quot;caption&quot;:&quot;&quot;,&quot;created_timestamp&quot;:&quot;0&quot;,&quot;copyright&quot;:&quot;&quot;,&quot;focal_length&quot;:&quot;0&quot;,&quot;iso&quot;:&quot;0&quot;,&quot;shutter_speed&quot;:&quot;0&quot;,&quot;title&quot;:&quot;&quot;,&quot;orientation&quot;:&quot;0&quot;}\" data-image-title=\"photo-1\" data-image-description=\"\" data-image-caption=\"\" data-large-file=\"https:\/\/www.critical-stages.org\/14\/wp-content\/uploads\/sites\/15\/2016\/11\/Photo-1-2.jpg\" class=\"alignnone size-medium wp-image-262\" src=\"https:\/\/www.critical-stages.org\/14\/wp-content\/uploads\/sites\/15\/2016\/11\/Photo-1-2-300x180.jpg\" alt=\"photo-1\" width=\"300\" height=\"180\" srcset=\"https:\/\/www.critical-stages.org\/14\/wp-content\/uploads\/sites\/15\/2016\/11\/Photo-1-2-300x180.jpg 300w, https:\/\/www.critical-stages.org\/14\/wp-content\/uploads\/sites\/15\/2016\/11\/Photo-1-2.jpg 350w\" sizes=\"auto, (max-width: 300px) 100vw, 300px\" \/>\u00a0<img loading=\"lazy\" decoding=\"async\" data-attachment-id=\"263\" data-permalink=\"https:\/\/www.critical-stages.org\/14\/reflections-on-theatre-and-statelessness\/photo-2-7\/\" data-orig-file=\"https:\/\/www.critical-stages.org\/14\/wp-content\/uploads\/sites\/15\/2016\/11\/Photo-2-2.jpg\" data-orig-size=\"350,232\" data-comments-opened=\"1\" data-image-meta=\"{&quot;aperture&quot;:&quot;0&quot;,&quot;credit&quot;:&quot;&quot;,&quot;camera&quot;:&quot;&quot;,&quot;caption&quot;:&quot;&quot;,&quot;created_timestamp&quot;:&quot;0&quot;,&quot;copyright&quot;:&quot;&quot;,&quot;focal_length&quot;:&quot;0&quot;,&quot;iso&quot;:&quot;0&quot;,&quot;shutter_speed&quot;:&quot;0&quot;,&quot;title&quot;:&quot;&quot;,&quot;orientation&quot;:&quot;0&quot;}\" data-image-title=\"photo-2\" data-image-description=\"\" data-image-caption=\"\" data-large-file=\"https:\/\/www.critical-stages.org\/14\/wp-content\/uploads\/sites\/15\/2016\/11\/Photo-2-2.jpg\" class=\"alignnone wp-image-263\" src=\"https:\/\/www.critical-stages.org\/14\/wp-content\/uploads\/sites\/15\/2016\/11\/Photo-2-2-300x199.jpg\" alt=\"photo-2\" width=\"272\" height=\"180\" srcset=\"https:\/\/www.critical-stages.org\/14\/wp-content\/uploads\/sites\/15\/2016\/11\/Photo-2-2-300x199.jpg 300w, https:\/\/www.critical-stages.org\/14\/wp-content\/uploads\/sites\/15\/2016\/11\/Photo-2-2.jpg 350w\" sizes=\"auto, (max-width: 272px) 100vw, 272px\" \/><\/td>\n<\/tr>\n<tr>\n<td style=\"border: 0px; vertical-align: middle; text-align: center; font-size: 11px;\">A refugee is a displaced person who has been forced to cross national boundaries and who cannot return home safely. Such a person may be called an asylum seeker until granted refugee status by the contracting state or the UNHCR, if they formally make a claim for asylum (<a href=\"http:\/\/en.wikipedia.org\/wiki\/Refugee\" target=\"_blank\">en.wikipedia.org\/wiki\/Refugee<\/a>, accessed 16\/11\/2016)<\/td>\n<\/tr>\n<\/tbody>\n<\/table>\n<\/div>\n<p>This is the impetus that drives us to write about the topic and to address the issue in every possible aspect, in order to create awareness about this humanitarian crisis. And for one of us the urge to write about statelessness comes from the personal experience of being a refugee, a state of being which will always be part of one\u2019s life no matter how long it has been there.<\/p>\n<p>Read the rest of the article <a href=\"https:\/\/www.critical-stages.org\/14\/reflections-on-theatre-and-statelessness\/\">here<\/a>.<a name=\"end1\"><\/a><\/p>\n<hr \/>\n<p><a name=\"end1\">*<\/a><strong>Azadeh Sharifi<\/strong> is a writer, researcher and activist. She\u00a0is currently working on her Postdoc project\u00a0(Habilitation), &#8220;(Post)migrant Theatre\u00a0in German Theatre History\u2014(Dis)Continuity of Aesthetics and Narratives,&#8221; at the Theatre Department, Munich LMU. Her research interests include post-migrant theatre in Europe, postcolonial discourses in theatre and performances of race and gender. She is a former Fellow at the International Research Center \u201cInterweaving Performance Cultures,\u201d Freie Universit\u00e4t Berlin.<a name=\"end2\"><\/a><\/p>\n<p><a name=\"end2\">**<\/a><strong>Steve Wilmer<\/strong> is Professor Emeritus of Drama at Trinity College, Dublin, and a Research Fellow at the Research Centre for &#8220;Interweaving Performance Cultures&#8221; at the Freie Universit\u00e4t Berlin. He co-edited (with Audron\u0117 \u017dukauskait\u0117) <em>Resisting Biopolitics: Philosophical, Political and Performative Strategies<\/em> (Routledge 2016) and <em>Deleuze and Beckett<\/em> (Palgrave Macmillan 2015). He also edited a special issue of <em>Nordic Theatre Studies<\/em> called \u201cTheatre and the Nomadic Subject,\u201d in 2015. He is currently writing a book called \u201cPerforming Statelessness\u201d for Palgrave Macmillan.<\/p>\n<hr \/>\n<div class=\"pt-cv-wrapper\"><div class=\"pt-cv-view pt-cv-grid pt-cv-colsys\" id=\"pt-cv-view-e922fd5aen\"><div data-id=\"pt-cv-page-1\" class=\"pt-cv-page\" data-cvc=\"2\"><div class=\"col-md-6 col-sm-6 col-xs-12 pt-cv-content-item pt-cv-1-col\" ><div class='pt-cv-ifield'><a href=\"https:\/\/www.critical-stages.org\/14\/authenticity-and-otherness-reflecting-statelessness-in-german-postmigrant-theatre\/\" class=\"_self pt-cv-href-thumbnail pt-cv-thumb-default\" target=\"_self\" ><img loading=\"lazy\" decoding=\"async\" width=\"150\" height=\"150\" src=\"https:\/\/www.critical-stages.org\/14\/wp-content\/uploads\/sites\/15\/2016\/10\/profile-tinius-2-150x150.jpg\" class=\"pt-cv-thumbnail\" alt=\"\" srcset=\"https:\/\/www.critical-stages.org\/14\/wp-content\/uploads\/sites\/15\/2016\/10\/profile-tinius-2-150x150.jpg 150w, https:\/\/www.critical-stages.org\/14\/wp-content\/uploads\/sites\/15\/2016\/10\/profile-tinius-2-270x270.jpg 270w, https:\/\/www.critical-stages.org\/14\/wp-content\/uploads\/sites\/15\/2016\/10\/profile-tinius-2-300x300.jpg 300w, https:\/\/www.critical-stages.org\/14\/wp-content\/uploads\/sites\/15\/2016\/10\/profile-tinius-2-230x230.jpg 230w\" sizes=\"auto, (max-width: 150px) 100vw, 150px\" data-attachment-id=\"132\" data-permalink=\"https:\/\/www.critical-stages.org\/14\/authenticity-and-otherness-reflecting-statelessness-in-german-postmigrant-theatre\/profile-tinius-2\/\" data-orig-file=\"https:\/\/www.critical-stages.org\/14\/wp-content\/uploads\/sites\/15\/2016\/10\/profile-tinius-2.jpg\" data-orig-size=\"300,379\" data-comments-opened=\"1\" data-image-meta=\"{&quot;aperture&quot;:&quot;0&quot;,&quot;credit&quot;:&quot;&quot;,&quot;camera&quot;:&quot;&quot;,&quot;caption&quot;:&quot;&quot;,&quot;created_timestamp&quot;:&quot;0&quot;,&quot;copyright&quot;:&quot;&quot;,&quot;focal_length&quot;:&quot;0&quot;,&quot;iso&quot;:&quot;0&quot;,&quot;shutter_speed&quot;:&quot;0&quot;,&quot;title&quot;:&quot;&quot;,&quot;orientation&quot;:&quot;1&quot;}\" data-image-title=\"profile-tinius-2\" data-image-description=\"\" data-image-caption=\"\" data-large-file=\"https:\/\/www.critical-stages.org\/14\/wp-content\/uploads\/sites\/15\/2016\/10\/profile-tinius-2.jpg\" \/><\/a>\n<h4 class=\"pt-cv-title\"><a href=\"https:\/\/www.critical-stages.org\/14\/authenticity-and-otherness-reflecting-statelessness-in-german-postmigrant-theatre\/\" class=\"_self\" target=\"_self\" >Authenticity and Otherness: Reflecting Statelessness in German Postmigrant Theatre<\/a><\/h4><\/div><\/div>\n<div class=\"col-md-6 col-sm-6 col-xs-12 pt-cv-content-item pt-cv-1-col\" ><div class='pt-cv-ifield'><a href=\"https:\/\/www.critical-stages.org\/14\/we-accuse-europe-staging-justice-for-refugees-migrants-and-asylum-seekers-in-europe\/\" class=\"_self pt-cv-href-thumbnail pt-cv-thumb-default\" target=\"_self\" ><img loading=\"lazy\" decoding=\"async\" width=\"150\" height=\"150\" src=\"https:\/\/www.critical-stages.org\/14\/wp-content\/uploads\/sites\/15\/2016\/10\/Trnka-150x150.jpg\" class=\"pt-cv-thumbnail\" alt=\"\" data-attachment-id=\"142\" data-permalink=\"https:\/\/www.critical-stages.org\/14\/we-accuse-europe-staging-justice-for-refugees-migrants-and-asylum-seekers-in-europe\/trnka\/\" data-orig-file=\"https:\/\/www.critical-stages.org\/14\/wp-content\/uploads\/sites\/15\/2016\/10\/Trnka.jpg\" data-orig-size=\"220,248\" data-comments-opened=\"1\" data-image-meta=\"{&quot;aperture&quot;:&quot;0&quot;,&quot;credit&quot;:&quot;&quot;,&quot;camera&quot;:&quot;&quot;,&quot;caption&quot;:&quot;&quot;,&quot;created_timestamp&quot;:&quot;0&quot;,&quot;copyright&quot;:&quot;&quot;,&quot;focal_length&quot;:&quot;0&quot;,&quot;iso&quot;:&quot;0&quot;,&quot;shutter_speed&quot;:&quot;0&quot;,&quot;title&quot;:&quot;&quot;,&quot;orientation&quot;:&quot;0&quot;}\" data-image-title=\"trnka\" data-image-description=\"\" data-image-caption=\"\" data-large-file=\"https:\/\/www.critical-stages.org\/14\/wp-content\/uploads\/sites\/15\/2016\/10\/Trnka.jpg\" \/><\/a>\n<h4 class=\"pt-cv-title\"><a href=\"https:\/\/www.critical-stages.org\/14\/we-accuse-europe-staging-justice-for-refugees-migrants-and-asylum-seekers-in-europe\/\" class=\"_self\" target=\"_self\" >\u201cWe Accuse Europe\u201d: Staging Justice for Refugees, Migrants and Asylum Seekers in Europe<\/a><\/h4><\/div><\/div>\n<div class=\"col-md-6 col-sm-6 col-xs-12 pt-cv-content-item pt-cv-1-col\" ><div class='pt-cv-ifield'><a href=\"https:\/\/www.critical-stages.org\/14\/refugees-in-german-documentary-theatre\/\" class=\"_self pt-cv-href-thumbnail pt-cv-thumb-default\" target=\"_self\" ><img loading=\"lazy\" decoding=\"async\" width=\"150\" height=\"150\" src=\"https:\/\/www.critical-stages.org\/14\/wp-content\/uploads\/sites\/15\/2016\/11\/KatrinSieg-150x150.jpg\" class=\"pt-cv-thumbnail\" alt=\"\" srcset=\"https:\/\/www.critical-stages.org\/14\/wp-content\/uploads\/sites\/15\/2016\/11\/KatrinSieg-150x150.jpg 150w, https:\/\/www.critical-stages.org\/14\/wp-content\/uploads\/sites\/15\/2016\/11\/KatrinSieg.jpg 225w\" sizes=\"auto, (max-width: 150px) 100vw, 150px\" data-attachment-id=\"164\" data-permalink=\"https:\/\/www.critical-stages.org\/14\/refugees-in-german-documentary-theatre\/katrinsieg\/\" data-orig-file=\"https:\/\/www.critical-stages.org\/14\/wp-content\/uploads\/sites\/15\/2016\/11\/KatrinSieg.jpg\" data-orig-size=\"225,225\" data-comments-opened=\"1\" data-image-meta=\"{&quot;aperture&quot;:&quot;0&quot;,&quot;credit&quot;:&quot;&quot;,&quot;camera&quot;:&quot;&quot;,&quot;caption&quot;:&quot;&quot;,&quot;created_timestamp&quot;:&quot;1449155026&quot;,&quot;copyright&quot;:&quot;&quot;,&quot;focal_length&quot;:&quot;0&quot;,&quot;iso&quot;:&quot;0&quot;,&quot;shutter_speed&quot;:&quot;0&quot;,&quot;title&quot;:&quot;&quot;,&quot;orientation&quot;:&quot;1&quot;}\" data-image-title=\"katrinsieg\" data-image-description=\"\" data-image-caption=\"\" data-large-file=\"https:\/\/www.critical-stages.org\/14\/wp-content\/uploads\/sites\/15\/2016\/11\/KatrinSieg.jpg\" \/><\/a>\n<h4 class=\"pt-cv-title\"><a href=\"https:\/\/www.critical-stages.org\/14\/refugees-in-german-documentary-theatre\/\" class=\"_self\" target=\"_self\" >Refugees in German Documentary Theatre<\/a><\/h4><\/div><\/div>\n<div class=\"col-md-6 col-sm-6 col-xs-12 pt-cv-content-item pt-cv-1-col\" ><div class='pt-cv-ifield'><a href=\"https:\/\/www.critical-stages.org\/14\/in-transit-wajdi-mouawads-scorched-in-bremen-germany-as-theatre-of-anticipation\/\" class=\"_self pt-cv-href-thumbnail pt-cv-thumb-default\" target=\"_self\" ><img loading=\"lazy\" decoding=\"async\" width=\"150\" height=\"150\" src=\"https:\/\/www.critical-stages.org\/14\/wp-content\/uploads\/sites\/15\/2016\/11\/meerzon-meyer-150x150.jpg\" class=\"pt-cv-thumbnail\" alt=\"\" srcset=\"https:\/\/www.critical-stages.org\/14\/wp-content\/uploads\/sites\/15\/2016\/11\/meerzon-meyer-150x150.jpg 150w, https:\/\/www.critical-stages.org\/14\/wp-content\/uploads\/sites\/15\/2016\/11\/meerzon-meyer-270x270.jpg 270w, https:\/\/www.critical-stages.org\/14\/wp-content\/uploads\/sites\/15\/2016\/11\/meerzon-meyer-230x230.jpg 230w\" sizes=\"auto, (max-width: 150px) 100vw, 150px\" data-attachment-id=\"200\" data-permalink=\"https:\/\/www.critical-stages.org\/14\/in-transit-wajdi-mouawads-scorched-in-bremen-germany-as-theatre-of-anticipation\/meerzon-meyer\/\" data-orig-file=\"https:\/\/www.critical-stages.org\/14\/wp-content\/uploads\/sites\/15\/2016\/11\/meerzon-meyer.jpg\" data-orig-size=\"499,300\" data-comments-opened=\"1\" data-image-meta=\"{&quot;aperture&quot;:&quot;0&quot;,&quot;credit&quot;:&quot;&quot;,&quot;camera&quot;:&quot;&quot;,&quot;caption&quot;:&quot;&quot;,&quot;created_timestamp&quot;:&quot;0&quot;,&quot;copyright&quot;:&quot;&quot;,&quot;focal_length&quot;:&quot;0&quot;,&quot;iso&quot;:&quot;0&quot;,&quot;shutter_speed&quot;:&quot;0&quot;,&quot;title&quot;:&quot;&quot;,&quot;orientation&quot;:&quot;0&quot;}\" data-image-title=\"meerzon-meyer\" data-image-description=\"\" data-image-caption=\"\" data-large-file=\"https:\/\/www.critical-stages.org\/14\/wp-content\/uploads\/sites\/15\/2016\/11\/meerzon-meyer.jpg\" \/><\/a>\n<h4 class=\"pt-cv-title\"><a href=\"https:\/\/www.critical-stages.org\/14\/in-transit-wajdi-mouawads-scorched-in-bremen-germany-as-theatre-of-anticipation\/\" class=\"_self\" target=\"_self\" >In Transit: Wajdi Mouawad\u2019s <em>Scorched<\/em> in Bremen, Germany, as Theatre of Anticipation<\/a><\/h4><\/div><\/div>\n<div class=\"col-md-6 col-sm-6 col-xs-12 pt-cv-content-item pt-cv-1-col\" ><div class='pt-cv-ifield'><a href=\"https:\/\/www.critical-stages.org\/14\/unmaking-boundaries-representing-elfriede-jelineks-charges-the-supplicants\/\" class=\"_self pt-cv-href-thumbnail pt-cv-thumb-default\" target=\"_self\" ><img loading=\"lazy\" decoding=\"async\" width=\"150\" height=\"150\" src=\"https:\/\/www.critical-stages.org\/14\/wp-content\/uploads\/sites\/15\/2016\/11\/SilkeFelber-8119-150x150.jpg\" class=\"pt-cv-thumbnail\" alt=\"\" srcset=\"https:\/\/www.critical-stages.org\/14\/wp-content\/uploads\/sites\/15\/2016\/11\/SilkeFelber-8119-150x150.jpg 150w, https:\/\/www.critical-stages.org\/14\/wp-content\/uploads\/sites\/15\/2016\/11\/SilkeFelber-8119-230x230.jpg 230w\" sizes=\"auto, (max-width: 150px) 100vw, 150px\" data-attachment-id=\"186\" data-permalink=\"https:\/\/www.critical-stages.org\/14\/unmaking-boundaries-representing-elfriede-jelineks-charges-the-supplicants\/silkefelber-8119\/\" data-orig-file=\"https:\/\/www.critical-stages.org\/14\/wp-content\/uploads\/sites\/15\/2016\/11\/SilkeFelber-8119.jpg\" data-orig-size=\"250,375\" data-comments-opened=\"1\" data-image-meta=\"{&quot;aperture&quot;:&quot;0&quot;,&quot;credit&quot;:&quot;&quot;,&quot;camera&quot;:&quot;&quot;,&quot;caption&quot;:&quot;&quot;,&quot;created_timestamp&quot;:&quot;1385148679&quot;,&quot;copyright&quot;:&quot;\\u00a9Bettina Frenzel, Fotografin&quot;,&quot;focal_length&quot;:&quot;0&quot;,&quot;iso&quot;:&quot;0&quot;,&quot;shutter_speed&quot;:&quot;0&quot;,&quot;title&quot;:&quot;&quot;,&quot;orientation&quot;:&quot;1&quot;}\" data-image-title=\"silkefelber-8119\" data-image-description=\"\" data-image-caption=\"\" data-large-file=\"https:\/\/www.critical-stages.org\/14\/wp-content\/uploads\/sites\/15\/2016\/11\/SilkeFelber-8119.jpg\" \/><\/a>\n<h4 class=\"pt-cv-title\"><a href=\"https:\/\/www.critical-stages.org\/14\/unmaking-boundaries-representing-elfriede-jelineks-charges-the-supplicants\/\" class=\"_self\" target=\"_self\" >(Un)making Boundaries: Representing Elfriede Jelinek\u2019s <em>Charges (the Supplicants)<\/em><\/a><\/h4><\/div><\/div>\n<div class=\"col-md-6 col-sm-6 col-xs-12 pt-cv-content-item pt-cv-1-col\" ><div class='pt-cv-ifield'><a href=\"https:\/\/www.critical-stages.org\/14\/fugitive-performance-nicolas-stemanns-die-schutzbefohlenen-and-the-medial-matrix-of-refugee-theatre\/\" class=\"_self pt-cv-href-thumbnail pt-cv-thumb-default\" target=\"_self\" ><img loading=\"lazy\" decoding=\"async\" width=\"150\" height=\"150\" src=\"https:\/\/www.critical-stages.org\/14\/wp-content\/uploads\/sites\/15\/2016\/11\/Ralf_Remshardt-150x150.jpg\" class=\"pt-cv-thumbnail\" alt=\"\" srcset=\"https:\/\/www.critical-stages.org\/14\/wp-content\/uploads\/sites\/15\/2016\/11\/Ralf_Remshardt-150x150.jpg 150w, https:\/\/www.critical-stages.org\/14\/wp-content\/uploads\/sites\/15\/2016\/11\/Ralf_Remshardt-230x230.jpg 230w\" sizes=\"auto, (max-width: 150px) 100vw, 150px\" data-attachment-id=\"195\" data-permalink=\"https:\/\/www.critical-stages.org\/14\/fugitive-performance-nicolas-stemanns-die-schutzbefohlenen-and-the-medial-matrix-of-refugee-theatre\/ralf_remshardt\/\" data-orig-file=\"https:\/\/www.critical-stages.org\/14\/wp-content\/uploads\/sites\/15\/2016\/11\/Ralf_Remshardt.jpg\" data-orig-size=\"257,300\" data-comments-opened=\"1\" data-image-meta=\"{&quot;aperture&quot;:&quot;4&quot;,&quot;credit&quot;:&quot;Picasa&quot;,&quot;camera&quot;:&quot;Canon PowerShot ELPH 330 HS&quot;,&quot;caption&quot;:&quot;&quot;,&quot;created_timestamp&quot;:&quot;1468746700&quot;,&quot;copyright&quot;:&quot;&quot;,&quot;focal_length&quot;:&quot;16.022&quot;,&quot;iso&quot;:&quot;1250&quot;,&quot;shutter_speed&quot;:&quot;0.05&quot;,&quot;title&quot;:&quot;&quot;,&quot;orientation&quot;:&quot;1&quot;}\" data-image-title=\"ralf_remshardt\" data-image-description=\"\" data-image-caption=\"\" data-large-file=\"https:\/\/www.critical-stages.org\/14\/wp-content\/uploads\/sites\/15\/2016\/11\/Ralf_Remshardt.jpg\" \/><\/a>\n<h4 class=\"pt-cv-title\"><a href=\"https:\/\/www.critical-stages.org\/14\/fugitive-performance-nicolas-stemanns-die-schutzbefohlenen-and-the-medial-matrix-of-refugee-theatre\/\" class=\"_self\" target=\"_self\" >Fugitive Performance: Nicolas Stemann\u2019s <em>Die Schutzbefohlenen<\/em> and the Medial Matrix of Refugee Theatre<\/a><\/h4><\/div><\/div>\n<div class=\"col-md-6 col-sm-6 col-xs-12 pt-cv-content-item pt-cv-1-col\" ><div class='pt-cv-ifield'><a href=\"https:\/\/www.critical-stages.org\/14\/the-state-at-play-notions-of-statelessness-in-contemporary-interventionist-performances\/\" class=\"_self pt-cv-href-thumbnail pt-cv-thumb-default\" target=\"_self\" ><img loading=\"lazy\" decoding=\"async\" width=\"150\" height=\"150\" src=\"https:\/\/www.critical-stages.org\/14\/wp-content\/uploads\/sites\/15\/2016\/11\/Anika-Marschall-150x150.jpg\" class=\"pt-cv-thumbnail\" alt=\"\" srcset=\"https:\/\/www.critical-stages.org\/14\/wp-content\/uploads\/sites\/15\/2016\/11\/Anika-Marschall-150x150.jpg 150w, https:\/\/www.critical-stages.org\/14\/wp-content\/uploads\/sites\/15\/2016\/11\/Anika-Marschall-270x270.jpg 270w, https:\/\/www.critical-stages.org\/14\/wp-content\/uploads\/sites\/15\/2016\/11\/Anika-Marschall-230x230.jpg 230w\" sizes=\"auto, (max-width: 150px) 100vw, 150px\" data-attachment-id=\"214\" data-permalink=\"https:\/\/www.critical-stages.org\/14\/the-state-at-play-notions-of-statelessness-in-contemporary-interventionist-performances\/anika-marschall\/\" data-orig-file=\"https:\/\/www.critical-stages.org\/14\/wp-content\/uploads\/sites\/15\/2016\/11\/Anika-Marschall.jpg\" data-orig-size=\"408,300\" data-comments-opened=\"1\" data-image-meta=\"{&quot;aperture&quot;:&quot;8&quot;,&quot;credit&quot;:&quot;&quot;,&quot;camera&quot;:&quot;Canon EOS 5D Mark III&quot;,&quot;caption&quot;:&quot;&quot;,&quot;created_timestamp&quot;:&quot;1428752272&quot;,&quot;copyright&quot;:&quot;Benjamin-Schenk\/\/FotoStudioHirch&quot;,&quot;focal_length&quot;:&quot;84&quot;,&quot;iso&quot;:&quot;100&quot;,&quot;shutter_speed&quot;:&quot;0.008&quot;,&quot;title&quot;:&quot;&quot;,&quot;orientation&quot;:&quot;1&quot;}\" data-image-title=\"anika-marschall\" data-image-description=\"\" data-image-caption=\"\" data-large-file=\"https:\/\/www.critical-stages.org\/14\/wp-content\/uploads\/sites\/15\/2016\/11\/Anika-Marschall.jpg\" \/><\/a>\n<h4 class=\"pt-cv-title\"><a href=\"https:\/\/www.critical-stages.org\/14\/the-state-at-play-notions-of-statelessness-in-contemporary-interventionist-performances\/\" class=\"_self\" target=\"_self\" >The State at Play? Notions of State(less)ness in Contemporary Interventionist Performances<\/a><\/h4><\/div><\/div>\n<div class=\"col-md-6 col-sm-6 col-xs-12 pt-cv-content-item pt-cv-1-col\" ><div class='pt-cv-ifield'><a href=\"https:\/\/www.critical-stages.org\/14\/refugee-narratives-case-farmakonisi-or-the-justice-of-the-water-by-anestis-azas\/\" class=\"_self pt-cv-href-thumbnail pt-cv-thumb-default\" target=\"_self\" ><img loading=\"lazy\" decoding=\"async\" width=\"150\" height=\"150\" src=\"https:\/\/www.critical-stages.org\/14\/wp-content\/uploads\/sites\/15\/2016\/11\/Picture-150x150.jpg\" class=\"pt-cv-thumbnail\" alt=\"\" data-attachment-id=\"1475\" data-permalink=\"https:\/\/www.critical-stages.org\/14\/refugee-narratives-case-farmakonisi-or-the-justice-of-the-water-by-anestis-azas\/picture\/\" data-orig-file=\"https:\/\/www.critical-stages.org\/14\/wp-content\/uploads\/sites\/15\/2016\/11\/Picture.jpg\" data-orig-size=\"200,196\" data-comments-opened=\"1\" data-image-meta=\"{&quot;aperture&quot;:&quot;0&quot;,&quot;credit&quot;:&quot;&quot;,&quot;camera&quot;:&quot;&quot;,&quot;caption&quot;:&quot;&quot;,&quot;created_timestamp&quot;:&quot;0&quot;,&quot;copyright&quot;:&quot;&quot;,&quot;focal_length&quot;:&quot;0&quot;,&quot;iso&quot;:&quot;0&quot;,&quot;shutter_speed&quot;:&quot;0&quot;,&quot;title&quot;:&quot;&quot;,&quot;orientation&quot;:&quot;0&quot;}\" data-image-title=\"Picture\" data-image-description=\"\" data-image-caption=\"\" data-large-file=\"https:\/\/www.critical-stages.org\/14\/wp-content\/uploads\/sites\/15\/2016\/11\/Picture.jpg\" \/><\/a>\n<h4 class=\"pt-cv-title\"><a href=\"https:\/\/www.critical-stages.org\/14\/refugee-narratives-case-farmakonisi-or-the-justice-of-the-water-by-anestis-azas\/\" class=\"_self\" target=\"_self\" >Refugee Narratives: <em>Case Farmakonisi or The Justice of the Water<\/em><\/a><\/h4><\/div><\/div>\n<div class=\"col-md-6 col-sm-6 col-xs-12 pt-cv-content-item pt-cv-1-col\" ><div class='pt-cv-ifield'><a href=\"https:\/\/www.critical-stages.org\/14\/unseen-faces-and-unheard-voices-how-a-group-of-refugee-teenage-boys-living-in-the-uk-brought-their-hidden-stories-to-the-stage-in-dear-home-office\/\" class=\"_self pt-cv-href-thumbnail pt-cv-thumb-default\" target=\"_self\" ><img loading=\"lazy\" decoding=\"async\" width=\"150\" height=\"150\" src=\"https:\/\/www.critical-stages.org\/14\/wp-content\/uploads\/sites\/15\/2016\/11\/RosannaKate-150x150.jpg\" class=\"pt-cv-thumbnail\" alt=\"\" srcset=\"https:\/\/www.critical-stages.org\/14\/wp-content\/uploads\/sites\/15\/2016\/11\/RosannaKate-150x150.jpg 150w, https:\/\/www.critical-stages.org\/14\/wp-content\/uploads\/sites\/15\/2016\/11\/RosannaKate-270x270.jpg 270w, https:\/\/www.critical-stages.org\/14\/wp-content\/uploads\/sites\/15\/2016\/11\/RosannaKate-230x230.jpg 230w\" sizes=\"auto, (max-width: 150px) 100vw, 150px\" data-attachment-id=\"241\" data-permalink=\"https:\/\/www.critical-stages.org\/14\/unseen-faces-and-unheard-voices-how-a-group-of-refugee-teenage-boys-living-in-the-uk-brought-their-hidden-stories-to-the-stage-in-dear-home-office\/rosannakate\/\" data-orig-file=\"https:\/\/www.critical-stages.org\/14\/wp-content\/uploads\/sites\/15\/2016\/11\/RosannaKate.jpg\" data-orig-size=\"460,300\" data-comments-opened=\"1\" data-image-meta=\"{&quot;aperture&quot;:&quot;0&quot;,&quot;credit&quot;:&quot;&quot;,&quot;camera&quot;:&quot;&quot;,&quot;caption&quot;:&quot;&quot;,&quot;created_timestamp&quot;:&quot;0&quot;,&quot;copyright&quot;:&quot;&quot;,&quot;focal_length&quot;:&quot;0&quot;,&quot;iso&quot;:&quot;0&quot;,&quot;shutter_speed&quot;:&quot;0&quot;,&quot;title&quot;:&quot;&quot;,&quot;orientation&quot;:&quot;0&quot;}\" data-image-title=\"rosannakate\" data-image-description=\"\" data-image-caption=\"\" data-large-file=\"https:\/\/www.critical-stages.org\/14\/wp-content\/uploads\/sites\/15\/2016\/11\/RosannaKate.jpg\" \/><\/a>\n<h4 class=\"pt-cv-title\"><a href=\"https:\/\/www.critical-stages.org\/14\/unseen-faces-and-unheard-voices-how-a-group-of-refugee-teenage-boys-living-in-the-uk-brought-their-hidden-stories-to-the-stage-in-dear-home-office\/\" class=\"_self\" target=\"_self\" >Unheard Voices, Unseen Faces: Staging Stories of Male Refugee Youth<\/a><\/h4><\/div><\/div>\n<div class=\"col-md-6 col-sm-6 col-xs-12 pt-cv-content-item pt-cv-1-col\" ><div class='pt-cv-ifield'><a href=\"https:\/\/www.critical-stages.org\/14\/trailer-with-an-introduction-by-steve-wilmer\/\" class=\"_self pt-cv-href-thumbnail pt-cv-thumb-default\" target=\"_self\" ><img loading=\"lazy\" decoding=\"async\" width=\"150\" height=\"150\" src=\"https:\/\/www.critical-stages.org\/14\/wp-content\/uploads\/sites\/15\/2016\/11\/wilmer-150x150.jpg\" class=\"pt-cv-thumbnail\" alt=\"\" data-attachment-id=\"272\" data-permalink=\"https:\/\/www.critical-stages.org\/14\/reflections-on-theatre-and-statelessness\/wilmer\/\" data-orig-file=\"https:\/\/www.critical-stages.org\/14\/wp-content\/uploads\/sites\/15\/2016\/11\/wilmer.jpg\" data-orig-size=\"210,300\" data-comments-opened=\"1\" data-image-meta=\"{&quot;aperture&quot;:&quot;6.3&quot;,&quot;credit&quot;:&quot;&quot;,&quot;camera&quot;:&quot;NIKON D70&quot;,&quot;caption&quot;:&quot;&quot;,&quot;created_timestamp&quot;:&quot;1226180939&quot;,&quot;copyright&quot;:&quot;&quot;,&quot;focal_length&quot;:&quot;29&quot;,&quot;iso&quot;:&quot;0&quot;,&quot;shutter_speed&quot;:&quot;0.00625&quot;,&quot;title&quot;:&quot;&quot;,&quot;orientation&quot;:&quot;1&quot;}\" data-image-title=\"wilmer\" data-image-description=\"\" data-image-caption=\"\" data-large-file=\"https:\/\/www.critical-stages.org\/14\/wp-content\/uploads\/sites\/15\/2016\/11\/wilmer.jpg\" \/><\/a>\n<h4 class=\"pt-cv-title\"><a href=\"https:\/\/www.critical-stages.org\/14\/trailer-with-an-introduction-by-steve-wilmer\/\" class=\"_self\" target=\"_self\" >&#8220;One in a Million&#8221;: Trailer with an introduction by Steve Wilmer<\/a><\/h4><\/div><\/div><\/div><\/div><\/div>\n","protected":false},"excerpt":{"rendered":"<p>Reflections on Theatre and Statelessness Azadeh Sharifi* and S. E. Wilmer** \u00a0 The motivation to edit a special section on theatre and statelessness evolves from the urgency of the outrageous circumstances so many refugees are facing, even though some of<\/p>\n","protected":false},"author":1,"featured_media":0,"parent":0,"menu_order":0,"comment_status":"closed","ping_status":"closed","template":"","meta":{"jetpack_post_was_ever_published":false,"footnotes":""},"class_list":["post-101","page","type-page","status-publish","hentry","","tg-column-two"],"jetpack_sharing_enabled":true,"jetpack_shortlink":"https:\/\/wp.me\/P83Osv-1D","jetpack-related-posts":[],"_links":{"self":[{"href":"https:\/\/www.critical-stages.org\/14\/wp-json\/wp\/v2\/pages\/101","targetHints":{"allow":["GET"]}}],"collection":[{"href":"https:\/\/www.critical-stages.org\/14\/wp-json\/wp\/v2\/pages"}],"about":[{"href":"https:\/\/www.critical-stages.org\/14\/wp-json\/wp\/v2\/types\/page"}],"author":[{"embeddable":true,"href":"https:\/\/www.critical-stages.org\/14\/wp-json\/wp\/v2\/users\/1"}],"replies":[{"embeddable":true,"href":"https:\/\/www.critical-stages.org\/14\/wp-json\/wp\/v2\/comments?post=101"}],"version-history":[{"count":0,"href":"https:\/\/www.critical-stages.org\/14\/wp-json\/wp\/v2\/pages\/101\/revisions"}],"wp:attachment":[{"href":"https:\/\/www.critical-stages.org\/14\/wp-json\/wp\/v2\/media?parent=101"}],"curies":[{"name":"wp","href":"https:\/\/api.w.org\/{rel}","templated":true}]}}